{"id":3300,"date":"2023-02-01T15:53:15","date_gmt":"2023-02-01T15:53:15","guid":{"rendered":"http:\/\/eritreischer-medienbund.ch\/wordpress\/?page_id=3300"},"modified":"2023-05-23T15:27:52","modified_gmt":"2023-05-23T15:27:52","slug":"sektionen","status":"publish","type":"page","link":"https:\/\/eritreischer-medienbund.ch\/wordpress\/sektionen\/","title":{"rendered":"Sektionen"},"content":{"rendered":"\n<p>Der Eritreische Medienbund Schweiz ist mit seinen Mitarbeitenden und mit seinem Netzwerk in mehreren St\u00e4dten und Regionen der Schweiz vertreten und aktiv (unter anderem Z\u00fcrich, Bern, Luzern, St. Gallen, Biel, Lausanne, Genf). Der EMBS pflegt ein breites Netzwerk an eritreischen Schl\u00fcsselpersonen und Expert*innen, Partnerorganisationen und Fachstellen, um mit seinen Projekten, Menschen sowohl in der Deutschschweiz als auch in der Romandie zu erreichen. <\/p>\n\n\n\n<p> Haupts\u00e4chlich organisiert sich der Medienbund in zwei Sektionen: Deutschschweiz und Romandie. Diese treffen sich jeweils regelm\u00e4ssig zum Austauschen und f\u00fcr Projektbesprechungen. <\/p>\n\n\n\n<p><em>L&#8217;Alliance des m\u00e9dias \u00e9rythr\u00e9ens en Suisse est repr\u00e9sent\u00e9e et active avec ses collaborateurs et son r\u00e9seau dans plusieurs villes et r\u00e9gions de Suisse (entre autres Zurich, Berne, Lucerne, St-Gall, Bienne, Lausanne, Gen\u00e8ve). L&#8217;EMBS entretient un large r\u00e9seau de personnes-cl\u00e9s et d&#8217;experts \u00e9rythr\u00e9ens, d&#8217;organisations partenaires et de services sp\u00e9cialis\u00e9s, afin d&#8217;atteindre, par ses projets, des personnes aussi bien en Suisse al\u00e9manique qu&#8217;en Suisse romande. <\/em><\/p>\n\n\n\n<p><em>L&#8217;association des m\u00e9dias s&#8217;organise principalement en deux sections : Suisse al\u00e9manique et Suisse romande. Celles-ci se r\u00e9unissent r\u00e9guli\u00e8rement pour \u00e9changer des informations et discuter de projets.<\/em><\/p>\n\n\n\n<h2 class=\"wp-block-heading\">Sektion Deutschschweiz \/ <em>section suisse-al\u00e9manique<\/em><\/h2>\n\n\n\n<p>F\u00fcr den Kontakt in der Deutschschweiz \/ <em>pour le contacte en Suisse al\u00e9manique<\/em>: Christian Fischer,  Rathausenstrasse 1, 6032 Emmen <\/p>\n\n\n\n<p>info(at)eritreischer-medienbund.ch<\/p>\n\n\n\n<h2 class=\"wp-block-heading\">Sektion Romandie \/ <em>Section romande<\/em><\/h2>\n\n\n\n<p>F\u00fcr den Kontakt in der Romandie \/ <em>pour le contacte en Romandie<\/em>: Samson Yemane, Rue Pr\u00e9-du-March\u00e9, 1004 Lausanne<\/p>\n\n\n\n<p>samson.yemane(at)eritreischer-medienbund.ch<\/p>\n","protected":false},"excerpt":{"rendered":"<p>Der Eritreische Medienbund Schweiz ist mit seinen Mitarbeitenden und mit seinem Netzwerk in mehreren St\u00e4dten und Regionen der Schweiz vertreten und aktiv (unter anderem Z\u00fcrich, Bern, Luzern, St. Gallen, Biel, Lausanne, Genf). Der EMBS pflegt ein breites Netzwerk an eritreischen Schl\u00fcsselpersonen und Expert*innen, Partnerorganisationen und Fachstellen, um mit seinen Projekten, Menschen sowohl in der Deutschschweiz [&hellip;]<\/p>\n","protected":false},"author":11,"featured_media":0,"parent":0,"menu_order":0,"comment_status":"closed","ping_status":"closed","template":"","meta":{"footnotes":""},"class_list":["post-3300","page","type-page","status-publish","hentry"],"jetpack_sharing_enabled":true,"_links":{"self":[{"href":"https:\/\/eritreischer-medienbund.ch\/wordpress\/wp-json\/wp\/v2\/pages\/3300","targetHints":{"allow":["GET"]}}],"collection":[{"href":"https:\/\/eritreischer-medienbund.ch\/wordpress\/wp-json\/wp\/v2\/pages"}],"about":[{"href":"https:\/\/eritreischer-medienbund.ch\/wordpress\/wp-json\/wp\/v2\/types\/page"}],"author":[{"embeddable":true,"href":"https:\/\/eritreischer-medienbund.ch\/wordpress\/wp-json\/wp\/v2\/users\/11"}],"replies":[{"embeddable":true,"href":"https:\/\/eritreischer-medienbund.ch\/wordpress\/wp-json\/wp\/v2\/comments?post=3300"}],"version-history":[{"count":3,"href":"https:\/\/eritreischer-medienbund.ch\/wordpress\/wp-json\/wp\/v2\/pages\/3300\/revisions"}],"predecessor-version":[{"id":3316,"href":"https:\/\/eritreischer-medienbund.ch\/wordpress\/wp-json\/wp\/v2\/pages\/3300\/revisions\/3316"}],"wp:attachment":[{"href":"https:\/\/eritreischer-medienbund.ch\/wordpress\/wp-json\/wp\/v2\/media?parent=3300"}],"curies":[{"name":"wp","href":"https:\/\/api.w.org\/{rel}","templated":true}]}}