{"id":3253,"date":"2022-11-14T13:04:38","date_gmt":"2022-11-14T13:04:38","guid":{"rendered":"http:\/\/eritreischer-medienbund.ch\/wordpress\/?page_id=3253"},"modified":"2023-09-05T11:08:47","modified_gmt":"2023-09-05T11:08:47","slug":"projekt-schweigen-brechen","status":"publish","type":"page","link":"https:\/\/eritreischer-medienbund.ch\/wordpress\/projekt-schweigen-brechen\/","title":{"rendered":"Projekt \u00abSchweigen brechen\u00bb"},"content":{"rendered":"\n<p>\u2013 Ein Projekt von und f\u00fcr Eritreer*innen in der Schweiz zur Pr\u00e4vention von Gewalt gegen Frauen und h\u00e4uslicher Gewalt \u2013 <a href=\"https:\/\/www.schweigenbrechen.ch\">https:\/\/www.schweigenbrechen.ch<\/a><\/p>\n\n\n\n<p><strong>Projektdauer:<\/strong> 2021-2024<\/p>\n\n\n\n<p>Das Projekt \u00abSchweigen brechen\u00bb des eritreischen Medienbunds Schweiz erzielt die Sensibilisierung und die\nWissensvermittlung zur Pr\u00e4vention von Gewalt gegen Frauen in der eritreischen Diaspora anhand\nniederschwelliger, sensibler und professioneller Aufbereitung und Verbreitung von relevanten Informationen.\n<\/p>\n\n\n\n<p>Hierzu werden partizipativ sensible Themen rund um Gewalt an Frauen aufbereitet, Vermittlungsmethoden\nerarbeitet und existierende Erkennungs- und L\u00f6sungsstrategien gesucht: Einerseits im Austausch mit einem\nSounding Board von diversen eritreischen Schl\u00fcsselpersonen, die in der Diaspora vernetzt und mit\ngeschlechtsspezifischen Themen vertraut sind. Andererseits in Zusammenarbeit mit Schweizer Fachstellen\nund Partnerorganisationen.\n<\/p>\n\n\n\n<p>Die Erkenntnisse werden auf Tigrinya zu niederschwelligem Multimedia-Material verarbeitet. Es bestehen die\nM\u00f6glichkeiten zur Produktion von Experteninterviews, Talkshows, Kurzfilme, Brosch\u00fcren und Sets inkl.\nAnleitungen zur Gespr\u00e4chsf\u00fchrung.\n<\/p>\n\n\n\n<p>Die Inhalte werden durch den Infokanal des Eritreischen Medienbund Schweiz verbreitet und erreicht so zahlreiche Eritreer*innen in der Schweiz. Zudem werden die Inhalte in analogen Gespr\u00e4chsrunden mit eritreischen Frauen und M\u00e4nnern zur Gespr\u00e4chsf\u00fchrung und Diskussionsanregung getestet und genutzt. Dies in Zusammenarbeit mit bestehenden Angeboten <\/p>\n\n\n\n<p><strong>Mit Unterst\u00fctzung von:<\/strong><\/p>\n\n\n\n<figure class=\"wp-block-image\"><img loading=\"lazy\" decoding=\"async\" width=\"842\" height=\"595\" src=\"https:\/\/eritreischer-medienbund.ch\/wordpress\/wp-content\/uploads\/2023\/09\/Logos-Stiftungen-SB.png\" alt=\"\" class=\"wp-image-3345\" srcset=\"https:\/\/eritreischer-medienbund.ch\/wordpress\/wp-content\/uploads\/2023\/09\/Logos-Stiftungen-SB.png 842w, https:\/\/eritreischer-medienbund.ch\/wordpress\/wp-content\/uploads\/2023\/09\/Logos-Stiftungen-SB-300x212.png 300w, https:\/\/eritreischer-medienbund.ch\/wordpress\/wp-content\/uploads\/2023\/09\/Logos-Stiftungen-SB-768x543.png 768w\" sizes=\"auto, (max-width: 842px) 100vw, 842px\" \/><\/figure>\n\n\n\n<p><\/p>\n","protected":false},"excerpt":{"rendered":"<p>Ein Projekt von und f\u00fcr Eritreer*innen in der Schweiz zur Pr\u00e4vention von Gewalt gegen Frauen und h\u00e4uslicher Gewalt.<\/p>\n","protected":false},"author":11,"featured_media":3014,"parent":0,"menu_order":0,"comment_status":"closed","ping_status":"closed","template":"","meta":{"footnotes":""},"class_list":["post-3253","page","type-page","status-publish","has-post-thumbnail","hentry"],"jetpack_sharing_enabled":true,"_links":{"self":[{"href":"https:\/\/eritreischer-medienbund.ch\/wordpress\/wp-json\/wp\/v2\/pages\/3253","targetHints":{"allow":["GET"]}}],"collection":[{"href":"https:\/\/eritreischer-medienbund.ch\/wordpress\/wp-json\/wp\/v2\/pages"}],"about":[{"href":"https:\/\/eritreischer-medienbund.ch\/wordpress\/wp-json\/wp\/v2\/types\/page"}],"author":[{"embeddable":true,"href":"https:\/\/eritreischer-medienbund.ch\/wordpress\/wp-json\/wp\/v2\/users\/11"}],"replies":[{"embeddable":true,"href":"https:\/\/eritreischer-medienbund.ch\/wordpress\/wp-json\/wp\/v2\/comments?post=3253"}],"version-history":[{"count":5,"href":"https:\/\/eritreischer-medienbund.ch\/wordpress\/wp-json\/wp\/v2\/pages\/3253\/revisions"}],"predecessor-version":[{"id":3346,"href":"https:\/\/eritreischer-medienbund.ch\/wordpress\/wp-json\/wp\/v2\/pages\/3253\/revisions\/3346"}],"wp:featuredmedia":[{"embeddable":true,"href":"https:\/\/eritreischer-medienbund.ch\/wordpress\/wp-json\/wp\/v2\/media\/3014"}],"wp:attachment":[{"href":"https:\/\/eritreischer-medienbund.ch\/wordpress\/wp-json\/wp\/v2\/media?parent=3253"}],"curies":[{"name":"wp","href":"https:\/\/api.w.org\/{rel}","templated":true}]}}